{"id":2386,"date":"2021-03-03T11:43:16","date_gmt":"2021-03-03T10:43:16","guid":{"rendered":"https:\/\/t4lent.eu\/index.php\/team\/"},"modified":"2021-03-03T11:43:16","modified_gmt":"2021-03-03T10:43:16","slug":"team","status":"publish","type":"page","link":"https:\/\/t4lent.eu\/index.php\/team\/?lang=sv","title":{"rendered":"Team"},"content":{"rendered":"\n<div class=\"wp-block-media-text alignwide has-media-on-the-right is-stacked-on-mobile\" style=\"grid-template-columns:auto 44%\"><figure class=\"wp-block-media-text__media\"><img loading=\"lazy\" width=\"1024\" height=\"713\" src=\"https:\/\/t4lent.eu\/wp-content\/uploads\/2019\/11\/Map_Project_Partnership-1024x713.png\" alt=\"\" class=\"wp-image-211\" srcset=\"https:\/\/t4lent.eu\/wp-content\/uploads\/2019\/11\/Map_Project_Partnership-1024x713.png 1024w, https:\/\/t4lent.eu\/wp-content\/uploads\/2019\/11\/Map_Project_Partnership-300x209.png 300w, https:\/\/t4lent.eu\/wp-content\/uploads\/2019\/11\/Map_Project_Partnership-768x535.png 768w\" sizes=\"(max-width: 1024px) 100vw, 1024px\" \/><\/figure><div class=\"wp-block-media-text__content\">\n<p style=\"text-align:left\" class=\"has-medium-font-size\">Projektet Talent 4.0 samlade ett starkt internationellt projektkonsortium med 7 olika organisationer fr\u00e5n 7 europeiska l\u00e4nder som alla arbetar inom yrkesutbildning.&#013;\nVi \u00e4r tre arbetsmarknadsparter (\u00d6sterrike, Tyskland och Spanien), tv\u00e5 privata f\u00f6retag (Sverige och Irland) och tv\u00e5 forsknings- och utvecklingscenter (Italien och Cypern).&#013;\nDen ledande partnerorganisationen \u00e4r den \u00f6sterrikiska handelskammaren i Steiermark (WKO Steiermark) som ocks\u00e5 driver det st\u00f6rsta yrkesutbildningsinstitutet i \u00d6sterrike och talangcentret, en specialiserad tj\u00e4nst f\u00f6r talangsidentifiering av ungdomar.<\/p>\n<\/div><\/div>\n\n<div class=\"wp-block-media-text alignwide\" style=\"grid-template-columns:36% auto\"><figure class=\"wp-block-media-text__media\"><img loading=\"lazy\" width=\"1024\" height=\"284\" src=\"https:\/\/t4lent.eu\/wp-content\/uploads\/2019\/11\/Talentcenter-WKO-Logo-1024x284.jpg\" alt=\"\" class=\"wp-image-202\" srcset=\"https:\/\/t4lent.eu\/wp-content\/uploads\/2019\/11\/Talentcenter-WKO-Logo-1024x284.jpg 1024w, https:\/\/t4lent.eu\/wp-content\/uploads\/2019\/11\/Talentcenter-WKO-Logo-300x83.jpg 300w, https:\/\/t4lent.eu\/wp-content\/uploads\/2019\/11\/Talentcenter-WKO-Logo-768x213.jpg 768w, https:\/\/t4lent.eu\/wp-content\/uploads\/2019\/11\/Talentcenter-WKO-Logo.jpg 1249w\" sizes=\"(max-width: 1024px) 100vw, 1024px\" \/><\/figure><div class=\"wp-block-media-text__content\">\n<p class=\"has-medium-font-size\">Wirtschaftskammer Steiermark&#013;\nK\u00f6rblergasse 111-113&#013;\n8021 Graz&#013;\n\u00d6STERRIKE&#013;\n<a href=\"https:\/\/wko.at\/\">https:\/\/wko.at\/ <\/a><\/p>\n<\/div><\/div>\n\n<div class=\"wp-block-media-text alignwide\" style=\"grid-template-columns:36% auto\"><figure class=\"wp-block-media-text__media\"><img loading=\"lazy\" width=\"1024\" height=\"914\" src=\"https:\/\/t4lent.eu\/wp-content\/uploads\/2019\/11\/Smebox_logo-high-res-1024x914.jpg\" alt=\"\" class=\"wp-image-203\" srcset=\"https:\/\/t4lent.eu\/wp-content\/uploads\/2019\/11\/Smebox_logo-high-res-1024x914.jpg 1024w, https:\/\/t4lent.eu\/wp-content\/uploads\/2019\/11\/Smebox_logo-high-res-300x268.jpg 300w, https:\/\/t4lent.eu\/wp-content\/uploads\/2019\/11\/Smebox_logo-high-res-768x685.jpg 768w\" sizes=\"(max-width: 1024px) 100vw, 1024px\" \/><\/figure><div class=\"wp-block-media-text__content\">\n<p class=\"has-medium-font-size\">SMEBOX&#013;\nPO BOX 1633&#013;\n751 46 Uppsala&#013;\nSverige&#013;\n<a href=\"https:\/\/www.smebox.com\/\">https:\/\/www.smebox.com\/ <\/a><\/p>\n<\/div><\/div>\n\n<div class=\"wp-block-media-text alignwide\" style=\"grid-template-columns:36% auto\"><figure class=\"wp-block-media-text__media\"><img loading=\"lazy\" width=\"1024\" height=\"452\" src=\"https:\/\/t4lent.eu\/wp-content\/uploads\/2019\/11\/FVEM-EN-1024x452.png\" alt=\"\" class=\"wp-image-204\" srcset=\"https:\/\/t4lent.eu\/wp-content\/uploads\/2019\/11\/FVEM-EN-1024x452.png 1024w, https:\/\/t4lent.eu\/wp-content\/uploads\/2019\/11\/FVEM-EN-300x132.png 300w, https:\/\/t4lent.eu\/wp-content\/uploads\/2019\/11\/FVEM-EN-768x339.png 768w\" sizes=\"(max-width: 1024px) 100vw, 1024px\" \/><\/figure><div class=\"wp-block-media-text__content\">\n<p class=\"has-medium-font-size\">Federaci\u00f3n Vizcaina de Empresas del Metal (FVEM)&#013;\nPlaza Euskadi, 9&#013;\n48009 Bilbao&#013;\nSpanien&#013;\n<a href=\"https:\/\/www.fvem.es\/\">https:\/\/www.fvem.es\/ <\/a><\/p>\n<\/div><\/div>\n\n<div class=\"wp-block-media-text alignwide\" style=\"grid-template-columns:36% auto\"><figure class=\"wp-block-media-text__media\"><img loading=\"lazy\" width=\"388\" height=\"90\" src=\"https:\/\/t4lent.eu\/wp-content\/uploads\/2019\/11\/ihk-projekt-logo.jpg\" alt=\"\" class=\"wp-image-1461\" srcset=\"https:\/\/t4lent.eu\/wp-content\/uploads\/2019\/11\/ihk-projekt-logo.jpg 388w, https:\/\/t4lent.eu\/wp-content\/uploads\/2019\/11\/ihk-projekt-logo-300x70.jpg 300w\" sizes=\"(max-width: 388px) 100vw, 388px\" \/><\/figure><div class=\"wp-block-media-text__content\">\n<p class=\"has-medium-font-size\">IHK-Projektgesellschaft mbH&#013;\nOstbrandenburg&#013;\nPuschkinstra\u00dfe 12 b&#013;\n15236 Frankfurt (Oder)&#013;\nTyskland&#013;\n<a href=\"https:\/\/www.ihk-projekt.de\/international\/\">https:\/\/www.ihk-projekt.de\/international\/ <\/a><\/p>\n<\/div><\/div>\n\n<div class=\"wp-block-media-text alignwide\" style=\"grid-template-columns:36% auto\"><figure class=\"wp-block-media-text__media\"><img loading=\"lazy\" width=\"1024\" height=\"525\" src=\"https:\/\/t4lent.eu\/wp-content\/uploads\/2019\/11\/cardet_logo_new_w_bcr-01-1024x525.png\" alt=\"\" class=\"wp-image-206\" srcset=\"https:\/\/t4lent.eu\/wp-content\/uploads\/2019\/11\/cardet_logo_new_w_bcr-01-1024x525.png 1024w, https:\/\/t4lent.eu\/wp-content\/uploads\/2019\/11\/cardet_logo_new_w_bcr-01-300x154.png 300w, https:\/\/t4lent.eu\/wp-content\/uploads\/2019\/11\/cardet_logo_new_w_bcr-01-768x393.png 768w\" sizes=\"(max-width: 1024px) 100vw, 1024px\" \/><\/figure><div class=\"wp-block-media-text__content\">\n<p class=\"has-medium-font-size\">Cardet&#013;\nLykavitou, Egkomi&#013;\nCypern&#013;\n<a href=\"https:\/\/www.cardet.org\/\">https:\/\/www.cardet.org\/ <\/a><\/p>\n<\/div><\/div>\n\n<div class=\"wp-block-media-text alignwide\" style=\"grid-template-columns:36% auto\"><figure class=\"wp-block-media-text__media\"><img loading=\"lazy\" width=\"1024\" height=\"455\" src=\"https:\/\/t4lent.eu\/wp-content\/uploads\/2019\/11\/logo-tucep-vettoriale-1024x455.png\" alt=\"\" class=\"wp-image-207\" srcset=\"https:\/\/t4lent.eu\/wp-content\/uploads\/2019\/11\/logo-tucep-vettoriale-1024x455.png 1024w, https:\/\/t4lent.eu\/wp-content\/uploads\/2019\/11\/logo-tucep-vettoriale-300x133.png 300w, https:\/\/t4lent.eu\/wp-content\/uploads\/2019\/11\/logo-tucep-vettoriale-768x341.png 768w, https:\/\/t4lent.eu\/wp-content\/uploads\/2019\/11\/logo-tucep-vettoriale.png 2013w\" sizes=\"(max-width: 1024px) 100vw, 1024px\" \/><\/figure><div class=\"wp-block-media-text__content\">\n<p class=\"has-medium-font-size\">Tiber Umbria Comett Education Programme (TUCEP)&#013;\nPiazza dell\u2019Universit\u00e0, 1&#013;\n06123 Perugia&#013;\nItalien&#013;\n<a href=\"http:\/\/www.tucep.org\">http:\/\/www.tucep.org <\/a><\/p>\n<\/div><\/div>\n\n<div class=\"wp-block-media-text alignwide\" style=\"grid-template-columns:36% auto\"><figure class=\"wp-block-media-text__media\"><img loading=\"lazy\" width=\"596\" height=\"420\" src=\"https:\/\/t4lent.eu\/wp-content\/uploads\/2019\/11\/fipl-logo.jpg\" alt=\"\" class=\"wp-image-1473\" srcset=\"https:\/\/t4lent.eu\/wp-content\/uploads\/2019\/11\/fipl-logo.jpg 596w, https:\/\/t4lent.eu\/wp-content\/uploads\/2019\/11\/fipl-logo-300x211.jpg 300w\" sizes=\"(max-width: 596px) 100vw, 596px\" \/><\/figure><div class=\"wp-block-media-text__content\">\n<p class=\"has-medium-font-size\">Future in Perspective Ltd. (FIPL)&#013;\nCormeen Lodge&#013;\nCastlerahan&#013;\nBallyjamesduff&#013;\nCavan&#013;\nIrland&#013;\n<a href=\"https:\/\/www.fipl.eu\/\">https:\/\/www.fipl.eu\/<\/a><\/p>\n<\/div><\/div>\n\n<p><\/p>\n","protected":false},"excerpt":{"rendered":"<p>Projektet Talent 4.0 samlade ett starkt internationellt projektkonsortium med 7 olika organisationer fr\u00e5n 7 europeiska l\u00e4nder som alla arbetar inom yrkesutbildning.&#013; Vi \u00e4r tre arbetsmarknadsparter (\u00d6sterrike, Tyskland och Spanien), tv\u00e5 privata f\u00f6retag (Sverige och Irland) och tv\u00e5 forsknings- och utvecklingscenter (Italien och Cypern).&#013; Den ledande partnerorganisationen \u00e4r den \u00f6sterrikiska handelskammaren i Steiermark (WKO Steiermark) som &#8230; <a title=\"Team\" class=\"read-more\" href=\"https:\/\/t4lent.eu\/index.php\/team\/?lang=sv\" aria-label=\"More on Team\">Read more<\/a><\/p>\n","protected":false},"author":3,"featured_media":1505,"parent":0,"menu_order":0,"comment_status":"closed","ping_status":"closed","template":"","meta":{"_monsterinsights_skip_tracking":false,"_monsterinsights_sitenote_active":false,"_monsterinsights_sitenote_note":"","_monsterinsights_sitenote_category":0},"_links":{"self":[{"href":"https:\/\/t4lent.eu\/index.php\/wp-json\/wp\/v2\/pages\/2386"}],"collection":[{"href":"https:\/\/t4lent.eu\/index.php\/wp-json\/wp\/v2\/pages"}],"about":[{"href":"https:\/\/t4lent.eu\/index.php\/wp-json\/wp\/v2\/types\/page"}],"author":[{"embeddable":true,"href":"https:\/\/t4lent.eu\/index.php\/wp-json\/wp\/v2\/users\/3"}],"replies":[{"embeddable":true,"href":"https:\/\/t4lent.eu\/index.php\/wp-json\/wp\/v2\/comments?post=2386"}],"version-history":[{"count":1,"href":"https:\/\/t4lent.eu\/index.php\/wp-json\/wp\/v2\/pages\/2386\/revisions"}],"predecessor-version":[{"id":2387,"href":"https:\/\/t4lent.eu\/index.php\/wp-json\/wp\/v2\/pages\/2386\/revisions\/2387"}],"wp:featuredmedia":[{"embeddable":true,"href":"https:\/\/t4lent.eu\/index.php\/wp-json\/wp\/v2\/media\/1505"}],"wp:attachment":[{"href":"https:\/\/t4lent.eu\/index.php\/wp-json\/wp\/v2\/media?parent=2386"}],"curies":[{"name":"wp","href":"https:\/\/api.w.org\/{rel}","templated":true}]}}